{"id":1209,"date":"2023-07-18T10:50:06","date_gmt":"2023-07-18T08:50:06","guid":{"rendered":"https:\/\/traumahealingbelgium.tijdelijkdomein.eu\/?post_type=tribe_events&#038;p=1209"},"modified":"2024-09-09T13:36:37","modified_gmt":"2024-09-09T11:36:37","slug":"workshop-developmental-trauma","status":"publish","type":"tribe_events","link":"https:\/\/traumahealing.be\/fr\/activiteit\/workshop-developmental-trauma\/","title":{"rendered":"Traumatisme, d\u00e9veloppement et attachement"},"content":{"rendered":"<div class=\"page\" title=\"Page 1\">\n<div class=\"section\">\n<div class=\"layoutArea\">\n<div class=\"column\">\n<h3>Comment travailler avec l'effet du traumatisme sur le d\u00e9veloppement et l'attachement avec une plus grande efficacit\u00e9 gr\u00e2ce \u00e0 l'incarnation \u00e9motionnelle et \u00e0 la r\u00e9sonance interpersonnelle.<\/h3>\n<p>&nbsp;<\/p>\n<\/div>\n<div class=\"page\" title=\"Page 1\">\n<div class=\"section\">\n<div class=\"layoutArea\">\n<div class=\"column\">\n<p><strong>Un atelier avec Raja Selvam, PhD<\/strong><\/p>\n<\/div>\n<\/div>\n<div class=\"layoutArea\">\n<div class=\"column\">\n<p>La fa\u00e7on dont un style d'attachement ins\u00e9curisant (\u00e9vitant, ambivalent ou d\u00e9sorganis\u00e9) se manifeste sous forme de probl\u00e8mes relationnels sp\u00e9cifiques entre adultes d\u00e9pend du stade de l'enfance auquel un traumatisme d\u00e9veloppemental ou un choc a affect\u00e9 nos capacit\u00e9s relationnelles\u00a0; et les t\u00e2ches de d\u00e9veloppement sp\u00e9cifiques impliqu\u00e9es \u00e0 un stade particulier du d\u00e9veloppement. Par exemple, la vuln\u00e9rabilit\u00e9 qui motive un style d'attachement \u00e9vitant peut \u00eatre la peur d'\u00eatre d\u00e9truit par un traumatisme \u00e0 la naissance (existence), ou la profonde m\u00e9fiance que vos besoins seraient satisfaits par l'exp\u00e9rience d'\u00eatre affam\u00e9 lors de pratiques alimentaires planifi\u00e9es (besoin), ou la peur qu'un autre puisse d\u00e9truire la propre exp\u00e9rience de l'enfant parce que les soignants n\u00e9gligent ou s'immiscent continuellement dans l'exp\u00e9rience personnelle de l'enfant (autonomie).<\/p>\n<p>Au sein d\u2019un seul stade de d\u00e9veloppement, tel que l\u2019existence, la vuln\u00e9rabilit\u00e9 \u00e0 l\u2019origine du sch\u00e9ma d\u2019\u00e9vitement peut \u00eatre li\u00e9e \u00e0 l\u2019incapacit\u00e9 \u00e0 ma\u00eetriser la t\u00e2che de d\u00e9veloppement consistant \u00e0 se sentir suffisamment en s\u00e9curit\u00e9 dans son corps pour exister (s\u00e9curit\u00e9 existentielle)\u00a0; ou se sentir suffisamment digne d'\u00eatre aim\u00e9 (honte existentielle).<\/p>\n<p>Int\u00e9gration de la th\u00e9orie classique de l'attachement (Bowlby, Ainsworth, Main et Fonagy) avec la th\u00e9orie somatique la plus d\u00e9velopp\u00e9e sur les \u00e9tapes du d\u00e9veloppement de l'enfant et la formation des structures de caract\u00e8re (Marcher et al.), et la d\u00e9couverte selon laquelle assurer une r\u00e9gulation \u00e9motionnelle par l'harmonisation incarn\u00e9e est la cl\u00e9 pour r\u00e9parer les blessures d'attachement (Red Light District), l'atelier de quatre jours d\u00e9crira et d\u00e9montrera comment travailler avec les probl\u00e8mes relationnels chez les adultes, diff\u00e9renci\u00e9s en termes de styles d'attachement et de diff\u00e9rentes t\u00e2ches de d\u00e9veloppement dans au moins trois premiers stades de d\u00e9veloppement, en utilisant des m\u00e9thodes cliniques. strat\u00e9gies de r\u00e9sonance interpersonnelle et de r\u00e9sonance \u00e9motionnelle. incarnation de la psychologie somatique int\u00e9graleTM (ISPTM), une modalit\u00e9 bas\u00e9e en partie sur les paradigmes \u00e9mergents de la cognition et de l'\u00e9motion incarn\u00e9es dans les neurosciences cognitives et la psychologie.<\/p>\n<div class=\"page\" title=\"Page 2\">\n<div class=\"section\">\n<div class=\"layoutArea\">\n<div class=\"column\">\n<p>&nbsp;<\/p>\n<\/div>\n<div class=\"page\" title=\"Page 2\">\n<div class=\"section\">\n<div class=\"layoutArea\">\n<div class=\"column\">\n<h3>Programme d'\u00e9tudes<\/h3>\n<ul>\n<li>Apprenez \u00e0 travailler avec des styles d'attachement ins\u00e9curisant \u00e9vitants, ambivalents et d\u00e9sorganis\u00e9s et leurs variations, qui prennent souvent la forme de souvenirs \u00e9motionnels sensori-moteurs implicites \u00e0 travers l'incarnation \u00e9motionnelle et la r\u00e9sonance interpersonnelle.<\/li>\n<li>Apprenez \u00e0 identifier et \u00e0 travailler avec les diff\u00e9rentes t\u00e2ches ou fonctions d\u00e9veloppementales dans au moins trois premiers stades du d\u00e9veloppement de l'enfance (existence, besoin et autonomie). Ses blessures caus\u00e9es par des traumatismes d\u00e9veloppementaux et des chocs d\u00e9terminent les vuln\u00e9rabilit\u00e9s sp\u00e9cifiques qui conduisent \u00e0 des styles d'attachement ins\u00e9curis\u00e9s.<\/li>\n<li>D\u00e8s la premi\u00e8re s\u00e9ance avec un client, apprenez \u00e0 acc\u00e9der et \u00e0 travailler avec un plus large \u00e9ventail d'\u00e9motions, notamment les \u00e9motions sensorimotrices li\u00e9es \u00e0 l'attachement et \u00e0 la relation.<\/li>\n<li>Apprenez \u00e0 aider les clients \u00e0 avancer plus rapidement et \u00e0 d\u00e9velopper une plus grande capacit\u00e9 \u00e0 vivre des exp\u00e9riences \u00e9motionnelles extr\u00eamement difficiles impliquant l'attachement et les relations en utilisant le corps comme conteneur et r\u00e9gulateur.<\/li>\n<li>Apprenez \u00e0 am\u00e9liorer votre capacit\u00e9 \u00e0 r\u00e9guler \u00e9motionnellement votre client gr\u00e2ce \u00e0 l'harmonisation incarn\u00e9e, une partie tr\u00e8s importante d'un travail d'attachement efficace, gr\u00e2ce \u00e0 des comp\u00e9tences de r\u00e9sonance interpersonnelle sp\u00e9cifiques.<\/li>\n<li>D\u00e9couvrez comment les paradigmes \u00e9mergents de la cognition et de l'\u00e9motion incarn\u00e9es dans les neurosciences cognitives et la psychologie peuvent contribuer \u00e0 am\u00e9liorer les r\u00e9sultats et \u00e0 r\u00e9duire les temps de traitement dans toutes les th\u00e9rapies, y compris les modalit\u00e9s orient\u00e9es vers le corps telles que la Somatic Experiencing\u00ae (SETM) et la Sensorimotor Psychotherapy\u00ae, gr\u00e2ce \u00e0 l'incarnation d'un une gamme d'\u00e9motions plus large d\u00e8s la premi\u00e8re s\u00e9ance avec les clients.<\/li>\n<\/ul>\n<p>&nbsp;<\/p>\n<p>Au cours de l'atelier de quatre jours, le Dr. Raja Selvam couvre les sujets ci-dessus. Le format de l'atelier comprend des conf\u00e9rences, des d\u00e9monstrations en direct avec les participants \u00e0 l'atelier (au moins deux par jour), des questions et r\u00e9ponses et de courts exercices de groupe guid\u00e9s pour g\u00e9rer l'activation parmi les participants. Il n'y aura pas de s\u00e9ances de pratique entre les participants afin de transf\u00e9rer autant de connaissances que possible au cours du court atelier de quatre jours et d'accueillir des participants ayant diff\u00e9rents niveaux d'expertise.<\/p>\n<div class=\"page\" title=\"Page 2\">\n<div class=\"section\">\n<div class=\"layoutArea\">\n<p>&nbsp;<\/p>\n<div class=\"column\">\n<div class=\"page\" title=\"Page 3\">\n<div class=\"section\">\n<div class=\"layoutArea\">\n<div class=\"column\">\n<h3>Qui peut b\u00e9n\u00e9ficier de cet atelier<\/h3>\n<p>Tous les professionnels impliqu\u00e9s dans le traitement des probl\u00e8mes relationnels et d\u2019attachement caus\u00e9s par des traumatismes d\u00e9veloppementaux et des chocs b\u00e9n\u00e9ficieront grandement de cet atelier.<br \/>\nLes dipl\u00f4m\u00e9s et les stagiaires en psychologie somatique int\u00e9grative (ISP) acquerront des connaissances et des comp\u00e9tences avanc\u00e9es pour appliquer leur expertise ISP aux domaines sp\u00e9cifiques du traumatisme, du d\u00e9veloppement et de l'attachement.<\/p>\n<p>&nbsp;<\/p>\n<h3>D\u00e9tails pratiques<\/h3>\n<p>Professeur: <a href=\"https:\/\/traumahealing.be\/fr\/raja-selvam\/\">Raja Selvam<\/a><br \/>\nLangue: Anglais<br \/>\nLieu <a href=\"https:\/\/www.dehoorn.eu\/\">De Hoorn<\/a>, Sluisstraat 79, 3000 Leuven<br \/>\nDates : du jeudi 31 octobre au dimanche 3 novembre 2024<br \/>\nTijden: dag 1 tot 3 van 9.30 \u2013 18.00 uur, dag 4 van 9.30 \u2013 16.00 uur<br \/>\nTarif : Early bird 680 \u20ac si pay\u00e9 avant le 1er octobre 2024 ; apr\u00e8s \u00e7a 720 \u20ac<\/p>\n<p>&nbsp;<\/p>\n<h3>Inscription<\/h3>\n\n<div class=\"wpcf7 no-js\" id=\"wpcf7-f1652-o1\" lang=\"nl-NL\" dir=\"ltr\" data-wpcf7-id=\"1652\">\n<div class=\"screen-reader-response\"><p role=\"status\" aria-live=\"polite\" aria-atomic=\"true\"><\/p> <ul><\/ul><\/div>\n<form action=\"\/fr\/wp-json\/wp\/v2\/tribe_events\/1209#wpcf7-f1652-o1\" method=\"post\" class=\"wpcf7-form init\" aria-label=\"Formulaire de contact\" novalidate=\"novalidate\" data-status=\"init\" data-trp-original-action=\"\/fr\/wp-json\/wp\/v2\/tribe_events\/1209#wpcf7-f1652-o1\">\n<fieldset class=\"hidden-fields-container\"><input type=\"hidden\" name=\"_wpcf7\" value=\"1652\" \/><input type=\"hidden\" name=\"_wpcf7_version\" value=\"6.1.3\" \/><input type=\"hidden\" name=\"_wpcf7_locale\" value=\"nl_NL\" \/><input type=\"hidden\" name=\"_wpcf7_unit_tag\" value=\"wpcf7-f1652-o1\" \/><input type=\"hidden\" name=\"_wpcf7_container_post\" value=\"0\" \/><input type=\"hidden\" name=\"_wpcf7_posted_data_hash\" value=\"\" \/><input type=\"hidden\" name=\"_wpcf7cf_hidden_group_fields\" value=\"[]\" \/><input type=\"hidden\" name=\"_wpcf7cf_hidden_groups\" value=\"[]\" \/><input type=\"hidden\" name=\"_wpcf7cf_visible_groups\" value=\"[]\" \/><input type=\"hidden\" name=\"_wpcf7cf_repeaters\" value=\"[]\" \/><input type=\"hidden\" name=\"_wpcf7cf_steps\" value=\"{}\" \/><input type=\"hidden\" name=\"_wpcf7cf_options\" value=\"{&quot;form_id&quot;:1652,&quot;conditions&quot;:[],&quot;settings&quot;:{&quot;animation&quot;:&quot;yes&quot;,&quot;animation_intime&quot;:200,&quot;animation_outtime&quot;:200,&quot;conditions_ui&quot;:&quot;normal&quot;,&quot;notice_dismissed&quot;:false,&quot;notice_dismissed_rollback-cf7-5.9.5&quot;:true}}\" \/>\n<\/fieldset>\n<p><label> Pr\u00e9nom<br \/>\n<span class=\"wpcf7-form-control-wrap\" data-name=\"your-firstname\"><input size=\"40\" maxlength=\"400\" class=\"wpcf7-form-control wpcf7-text wpcf7-validates-as-required\" aria-required=\"true\" aria-invalid=\"false\" value=\"\" type=\"text\" name=\"your-firstname\" \/><\/span> <\/label>\n<\/p>\n<p><label> nom de famille<br \/>\n<span class=\"wpcf7-form-control-wrap\" data-name=\"your-lastname\"><input size=\"40\" maxlength=\"400\" class=\"wpcf7-form-control wpcf7-text wpcf7-validates-as-required\" aria-required=\"true\" aria-invalid=\"false\" value=\"\" type=\"text\" name=\"your-lastname\" \/><\/span> <\/label>\n<\/p>\n<p><label> Email<br \/>\n<span class=\"wpcf7-form-control-wrap\" data-name=\"your-email\"><input size=\"40\" maxlength=\"400\" class=\"wpcf7-form-control wpcf7-email wpcf7-validates-as-required wpcf7-text wpcf7-validates-as-email\" aria-required=\"true\" aria-invalid=\"false\" value=\"\" type=\"email\" name=\"your-email\" \/><\/span> <\/label>\n<\/p>\n<p><label> T\u00e9l\u00e9phone<br \/>\n<span class=\"wpcf7-form-control-wrap\" data-name=\"your-phone\"><input size=\"40\" maxlength=\"400\" class=\"wpcf7-form-control wpcf7-text wpcf7-validates-as-required\" aria-required=\"true\" aria-invalid=\"false\" value=\"\" type=\"text\" name=\"your-phone\" \/><\/span> <\/label>\n<\/p>\n<p><label> Organisation (obligatoire si facture)<br \/>\n<span class=\"wpcf7-form-control-wrap\" data-name=\"your-organisation\"><input size=\"40\" maxlength=\"400\" class=\"wpcf7-form-control wpcf7-text\" aria-invalid=\"false\" value=\"\" type=\"text\" name=\"your-organisation\" \/><\/span> <\/label>\n<\/p>\n<p><label> Num\u00e9ro de TVA (obligatoire si facture)<br \/>\n<span class=\"wpcf7-form-control-wrap\" data-name=\"your-vat\"><input size=\"40\" maxlength=\"400\" class=\"wpcf7-form-control wpcf7-text\" aria-invalid=\"false\" value=\"\" type=\"text\" name=\"your-vat\" \/><\/span> <\/label>\n<\/p>\n<p><label> Rue + num\u00e9ro de maison (obligatoire pour la facture)<br \/>\n<span class=\"wpcf7-form-control-wrap\" data-name=\"your-address-street\"><input size=\"40\" maxlength=\"400\" class=\"wpcf7-form-control wpcf7-text\" aria-invalid=\"false\" value=\"\" type=\"text\" name=\"your-address-street\" \/><\/span> <\/label>\n<\/p>\n<p><label> Code postal (obligatoire pour la facture)<br \/>\n<span class=\"wpcf7-form-control-wrap\" data-name=\"your-address-postalcode\"><input size=\"40\" maxlength=\"400\" class=\"wpcf7-form-control wpcf7-text\" aria-invalid=\"false\" value=\"\" type=\"text\" name=\"your-address-postalcode\" \/><\/span> <\/label>\n<\/p>\n<p><label> Ville (n\u00e9cessaire pour la facture)<br \/>\n<span class=\"wpcf7-form-control-wrap\" data-name=\"your-address-place\"><input size=\"40\" maxlength=\"400\" class=\"wpcf7-form-control wpcf7-text\" aria-invalid=\"false\" value=\"\" type=\"text\" name=\"your-address-place\" \/><\/span> <\/label>\n<\/p>\n<p><label> Pays (n\u00e9cessaire pour la facture)<br \/>\n<span class=\"wpcf7-form-control-wrap\" data-name=\"your-country\"><input size=\"40\" maxlength=\"400\" class=\"wpcf7-form-control wpcf7-text\" aria-invalid=\"false\" value=\"\" type=\"text\" name=\"your-country\" \/><\/span> <\/label>\n<\/p>\n<p><label> Questions ou remarques<br \/>\n<span class=\"wpcf7-form-control-wrap\" data-name=\"your-comments\"><textarea cols=\"40\" rows=\"10\" maxlength=\"2000\" class=\"wpcf7-form-control wpcf7-textarea\" aria-invalid=\"false\" name=\"your-comments\"><\/textarea><\/span> <\/label>\n<\/p>\n<p><span class=\"wpcf7-form-control-wrap\" data-name=\"acceptance-908\"><span class=\"wpcf7-form-control wpcf7-acceptance\"><span class=\"wpcf7-list-item\"><label><input type=\"checkbox\" name=\"acceptance-908\" value=\"1\" aria-invalid=\"false\" \/><span class=\"wpcf7-list-item-label\">J'accepte les conditions g\u00e9n\u00e9rales et les conditions d'annulation de Trauma Healing Belgium vzw.<\/span><\/label><\/span><\/span><\/span>\n<\/p>\n<p><input class=\"wpcf7-form-control wpcf7-submit has-spinner\" type=\"submit\" value=\"S&#039;inscrire\" \/>\n<\/p><div class=\"wpcf7-response-output\" aria-hidden=\"true\"><\/div>\n<input type=\"hidden\" name=\"trp-form-language\" value=\"fr\"\/><\/form>\n<\/div>\n\n<\/div>\n<\/div>\n<\/div>\n<\/div>\n<\/div>\n<\/div>\n<\/div>\n<\/div>\n<\/div>\n<\/div>\n<\/div>\n<\/div>\n<\/div>\n<\/div>\n<\/div>\n<\/div>\n<\/div>\n<\/div>\n<\/div>\n<\/div>\n<\/div>\n<\/div>","protected":false},"excerpt":{"rendered":"<p>Hoe je met grotere effici\u00ebntie kunt werken met het effect van trauma op de ontwikkeling en gehechtheid door middel van emotionele belichaming en interpersoonlijke resonantie. &nbsp; Een workshop met Raja [&hellip;]<\/p>\n","protected":false},"author":1,"featured_media":1366,"template":"","meta":{"_acf_changed":false,"_et_pb_use_builder":"","_et_pb_old_content":"","_et_gb_content_width":"","_tribe_events_status":"","_tribe_events_status_reason":"","footnotes":""},"tribe_events_cat":[16,22,23,24,19,18,12,15],"class_list":["post-1209","tribe_events","type-tribe_events","status-publish","has-post-thumbnail","hentry","tribe_events_cat-isp","tribe_events_cat-isp-intro","tribe_events_cat-isp-special","tribe_events_cat-isp-training","tribe_events_cat-overige","tribe_events_cat-overige-special","tribe_events_cat-se","tribe_events_cat-se-special","cat_isp","cat_isp-intro","cat_isp-special","cat_isp-training","cat_overige","cat_overige-special","cat_se","cat_se-special"],"acf":[],"yoast_head":"<!-- This site is optimized with the Yoast SEO plugin v26.3 - https:\/\/yoast.com\/wordpress\/plugins\/seo\/ -->\n<title>Trauma, ontwikkeling en gehechtheid - Trauma Healing Belgium<\/title>\n<meta name=\"robots\" content=\"index, follow, max-snippet:-1, max-image-preview:large, max-video-preview:-1\" \/>\n<link rel=\"canonical\" href=\"https:\/\/traumahealing.be\/fr\/activiteit\/workshop-developmental-trauma\/\" \/>\n<meta property=\"og:locale\" content=\"fr_FR\" \/>\n<meta property=\"og:type\" content=\"article\" \/>\n<meta property=\"og:title\" content=\"Trauma, ontwikkeling en gehechtheid - Trauma Healing Belgium\" \/>\n<meta property=\"og:description\" content=\"Hoe je met grotere effici\u00ebntie kunt werken met het effect van trauma op de ontwikkeling en gehechtheid door middel van emotionele belichaming en interpersoonlijke resonantie. &nbsp; Een workshop met Raja [&hellip;]\" \/>\n<meta property=\"og:url\" content=\"https:\/\/traumahealing.be\/fr\/wp-json\/wp\/v2\/tribe_events\/1209\" \/>\n<meta property=\"og:site_name\" content=\"Trauma Healing Belgium\" \/>\n<meta property=\"article:modified_time\" content=\"2024-09-09T11:36:37+00:00\" \/>\n<meta property=\"og:image\" content=\"https:\/\/traumahealing.be\/wp-content\/uploads\/2023\/07\/developmental-trauma-early-stages.jpg\" \/>\n\t<meta property=\"og:image:width\" content=\"1200\" \/>\n\t<meta property=\"og:image:height\" content=\"572\" \/>\n\t<meta property=\"og:image:type\" content=\"image\/jpeg\" \/>\n<meta name=\"twitter:card\" content=\"summary_large_image\" \/>\n<meta name=\"twitter:label1\" content=\"Dur\u00e9e de lecture estim\u00e9e\" \/>\n\t<meta name=\"twitter:data1\" content=\"4 minutes\" \/>\n<script type=\"application\/ld+json\" class=\"yoast-schema-graph\">{\"@context\":\"https:\/\/schema.org\",\"@graph\":[{\"@type\":\"WebPage\",\"@id\":\"https:\/\/traumahealing.be\/activiteit\/workshop-developmental-trauma\/\",\"url\":\"https:\/\/traumahealing.be\/activiteit\/workshop-developmental-trauma\/\",\"name\":\"Trauma, ontwikkeling en gehechtheid - Trauma Healing Belgium\",\"isPartOf\":{\"@id\":\"https:\/\/traumahealing.be\/#website\"},\"primaryImageOfPage\":{\"@id\":\"https:\/\/traumahealing.be\/activiteit\/workshop-developmental-trauma\/#primaryimage\"},\"image\":{\"@id\":\"https:\/\/traumahealing.be\/activiteit\/workshop-developmental-trauma\/#primaryimage\"},\"thumbnailUrl\":\"https:\/\/traumahealing.be\/wp-content\/uploads\/2023\/07\/developmental-trauma-early-stages.jpg\",\"datePublished\":\"2023-07-18T08:50:06+00:00\",\"dateModified\":\"2024-09-09T11:36:37+00:00\",\"breadcrumb\":{\"@id\":\"https:\/\/traumahealing.be\/activiteit\/workshop-developmental-trauma\/#breadcrumb\"},\"inLanguage\":\"fr-FR\",\"potentialAction\":[{\"@type\":\"ReadAction\",\"target\":[\"https:\/\/traumahealing.be\/activiteit\/workshop-developmental-trauma\/\"]}]},{\"@type\":\"ImageObject\",\"inLanguage\":\"fr-FR\",\"@id\":\"https:\/\/traumahealing.be\/activiteit\/workshop-developmental-trauma\/#primaryimage\",\"url\":\"https:\/\/traumahealing.be\/wp-content\/uploads\/2023\/07\/developmental-trauma-early-stages.jpg\",\"contentUrl\":\"https:\/\/traumahealing.be\/wp-content\/uploads\/2023\/07\/developmental-trauma-early-stages.jpg\",\"width\":1200,\"height\":572},{\"@type\":\"BreadcrumbList\",\"@id\":\"https:\/\/traumahealing.be\/activiteit\/workshop-developmental-trauma\/#breadcrumb\",\"itemListElement\":[{\"@type\":\"ListItem\",\"position\":1,\"name\":\"Home\",\"item\":\"https:\/\/traumahealing.be\/\"},{\"@type\":\"ListItem\",\"position\":2,\"name\":\"Evenementen\",\"item\":\"https:\/\/traumahealing.be\/activiteiten\/\"},{\"@type\":\"ListItem\",\"position\":3,\"name\":\"Trauma, ontwikkeling en gehechtheid\"}]},{\"@type\":\"WebSite\",\"@id\":\"https:\/\/traumahealing.be\/#website\",\"url\":\"https:\/\/traumahealing.be\/\",\"name\":\"Trauma Healing Belgium\",\"description\":\"Somatic Experiencing\",\"publisher\":{\"@id\":\"https:\/\/traumahealing.be\/#organization\"},\"potentialAction\":[{\"@type\":\"SearchAction\",\"target\":{\"@type\":\"EntryPoint\",\"urlTemplate\":\"https:\/\/traumahealing.be\/?s={search_term_string}\"},\"query-input\":{\"@type\":\"PropertyValueSpecification\",\"valueRequired\":true,\"valueName\":\"search_term_string\"}}],\"inLanguage\":\"fr-FR\"},{\"@type\":\"Organization\",\"@id\":\"https:\/\/traumahealing.be\/#organization\",\"name\":\"Trauma Healing Belgium\",\"url\":\"https:\/\/traumahealing.be\/\",\"logo\":{\"@type\":\"ImageObject\",\"inLanguage\":\"fr-FR\",\"@id\":\"https:\/\/traumahealing.be\/#\/schema\/logo\/image\/\",\"url\":\"https:\/\/traumahealing.be\/wp-content\/uploads\/2023\/05\/trauma-healing-belgium-logo-v1-600px.webp\",\"contentUrl\":\"https:\/\/traumahealing.be\/wp-content\/uploads\/2023\/05\/trauma-healing-belgium-logo-v1-600px.webp\",\"width\":600,\"height\":238,\"caption\":\"Trauma Healing Belgium\"},\"image\":{\"@id\":\"https:\/\/traumahealing.be\/#\/schema\/logo\/image\/\"}}]}<\/script>\n<!-- \/ Yoast SEO plugin. -->","yoast_head_json":{"title":"Trauma, ontwikkeling en gehechtheid - Trauma Healing Belgium","robots":{"index":"index","follow":"follow","max-snippet":"max-snippet:-1","max-image-preview":"max-image-preview:large","max-video-preview":"max-video-preview:-1"},"canonical":"https:\/\/traumahealing.be\/fr\/activiteit\/workshop-developmental-trauma\/","og_locale":"fr_FR","og_type":"article","og_title":"Trauma, ontwikkeling en gehechtheid - Trauma Healing Belgium","og_description":"Hoe je met grotere effici\u00ebntie kunt werken met het effect van trauma op de ontwikkeling en gehechtheid door middel van emotionele belichaming en interpersoonlijke resonantie. &nbsp; Een workshop met Raja [&hellip;]","og_url":"https:\/\/traumahealing.be\/fr\/wp-json\/wp\/v2\/tribe_events\/1209","og_site_name":"Trauma Healing Belgium","article_modified_time":"2024-09-09T11:36:37+00:00","og_image":[{"width":1200,"height":572,"url":"https:\/\/traumahealing.be\/wp-content\/uploads\/2023\/07\/developmental-trauma-early-stages.jpg","type":"image\/jpeg"}],"twitter_card":"summary_large_image","twitter_misc":{"Dur\u00e9e de lecture estim\u00e9e":"4 minutes"},"schema":{"@context":"https:\/\/schema.org","@graph":[{"@type":"WebPage","@id":"https:\/\/traumahealing.be\/activiteit\/workshop-developmental-trauma\/","url":"https:\/\/traumahealing.be\/activiteit\/workshop-developmental-trauma\/","name":"Trauma, ontwikkeling en gehechtheid - Trauma Healing Belgium","isPartOf":{"@id":"https:\/\/traumahealing.be\/#website"},"primaryImageOfPage":{"@id":"https:\/\/traumahealing.be\/activiteit\/workshop-developmental-trauma\/#primaryimage"},"image":{"@id":"https:\/\/traumahealing.be\/activiteit\/workshop-developmental-trauma\/#primaryimage"},"thumbnailUrl":"https:\/\/traumahealing.be\/wp-content\/uploads\/2023\/07\/developmental-trauma-early-stages.jpg","datePublished":"2023-07-18T08:50:06+00:00","dateModified":"2024-09-09T11:36:37+00:00","breadcrumb":{"@id":"https:\/\/traumahealing.be\/activiteit\/workshop-developmental-trauma\/#breadcrumb"},"inLanguage":"fr-FR","potentialAction":[{"@type":"ReadAction","target":["https:\/\/traumahealing.be\/activiteit\/workshop-developmental-trauma\/"]}]},{"@type":"ImageObject","inLanguage":"fr-FR","@id":"https:\/\/traumahealing.be\/activiteit\/workshop-developmental-trauma\/#primaryimage","url":"https:\/\/traumahealing.be\/wp-content\/uploads\/2023\/07\/developmental-trauma-early-stages.jpg","contentUrl":"https:\/\/traumahealing.be\/wp-content\/uploads\/2023\/07\/developmental-trauma-early-stages.jpg","width":1200,"height":572},{"@type":"BreadcrumbList","@id":"https:\/\/traumahealing.be\/activiteit\/workshop-developmental-trauma\/#breadcrumb","itemListElement":[{"@type":"ListItem","position":1,"name":"Home","item":"https:\/\/traumahealing.be\/"},{"@type":"ListItem","position":2,"name":"Evenementen","item":"https:\/\/traumahealing.be\/activiteiten\/"},{"@type":"ListItem","position":3,"name":"Trauma, ontwikkeling en gehechtheid"}]},{"@type":"WebSite","@id":"https:\/\/traumahealing.be\/#website","url":"https:\/\/traumahealing.be\/","name":"Trauma Healing Belgium","description":"Somatic Experiencing","publisher":{"@id":"https:\/\/traumahealing.be\/#organization"},"potentialAction":[{"@type":"SearchAction","target":{"@type":"EntryPoint","urlTemplate":"https:\/\/traumahealing.be\/?s={search_term_string}"},"query-input":{"@type":"PropertyValueSpecification","valueRequired":true,"valueName":"search_term_string"}}],"inLanguage":"fr-FR"},{"@type":"Organization","@id":"https:\/\/traumahealing.be\/#organization","name":"Trauma Healing Belgium","url":"https:\/\/traumahealing.be\/","logo":{"@type":"ImageObject","inLanguage":"fr-FR","@id":"https:\/\/traumahealing.be\/#\/schema\/logo\/image\/","url":"https:\/\/traumahealing.be\/wp-content\/uploads\/2023\/05\/trauma-healing-belgium-logo-v1-600px.webp","contentUrl":"https:\/\/traumahealing.be\/wp-content\/uploads\/2023\/05\/trauma-healing-belgium-logo-v1-600px.webp","width":600,"height":238,"caption":"Trauma Healing Belgium"},"image":{"@id":"https:\/\/traumahealing.be\/#\/schema\/logo\/image\/"}}]}},"_links":{"self":[{"href":"https:\/\/traumahealing.be\/fr\/wp-json\/wp\/v2\/tribe_events\/1209","targetHints":{"allow":["GET"]}}],"collection":[{"href":"https:\/\/traumahealing.be\/fr\/wp-json\/wp\/v2\/tribe_events"}],"about":[{"href":"https:\/\/traumahealing.be\/fr\/wp-json\/wp\/v2\/types\/tribe_events"}],"author":[{"embeddable":true,"href":"https:\/\/traumahealing.be\/fr\/wp-json\/wp\/v2\/users\/1"}],"version-history":[{"count":17,"href":"https:\/\/traumahealing.be\/fr\/wp-json\/wp\/v2\/tribe_events\/1209\/revisions"}],"predecessor-version":[{"id":1677,"href":"https:\/\/traumahealing.be\/fr\/wp-json\/wp\/v2\/tribe_events\/1209\/revisions\/1677"}],"wp:featuredmedia":[{"embeddable":true,"href":"https:\/\/traumahealing.be\/fr\/wp-json\/wp\/v2\/media\/1366"}],"wp:attachment":[{"href":"https:\/\/traumahealing.be\/fr\/wp-json\/wp\/v2\/media?parent=1209"}],"wp:term":[{"taxonomy":"tribe_events_cat","embeddable":true,"href":"https:\/\/traumahealing.be\/fr\/wp-json\/wp\/v2\/tribe_events_cat?post=1209"}],"curies":[{"name":"wp","href":"https:\/\/api.w.org\/{rel}","templated":true}]}}