{"id":1203,"date":"2023-07-18T10:35:09","date_gmt":"2023-07-18T08:35:09","guid":{"rendered":"https:\/\/traumahealingbelgium.tijdelijkdomein.eu\/?post_type=tribe_events&#038;p=1203"},"modified":"2023-09-30T08:45:49","modified_gmt":"2023-09-30T06:45:49","slug":"special-collective-trauma","status":"publish","type":"tribe_events","link":"https:\/\/traumahealing.be\/fr\/activiteit\/special-collective-trauma\/","title":{"rendered":"Healing Collective Trauma"},"content":{"rendered":"<div class=\"page\" title=\"Page 1\">\n<div class=\"layoutArea\">\n<div class=\"column\">\n<h1>L'h\u00e9ritage voil\u00e9\u00a0: reconna\u00eetre et traiter l'impact du traumatisme collectif.<\/h1>\n<p class=\"translation-block\">La physiologie de notre syst\u00e8me nerveux se d\u00e9veloppe en interaction avec le syst\u00e8me nerveux des autres. Il n\u2019est pas vraiment possible de s\u00e9parer compl\u00e8tement l\u2019exp\u00e9rience personnelle du contexte familial, social et culturel dans lequel nous sommes con\u00e7us, n\u00e9s, \u00e9lev\u00e9s et dans lequel nous vivons.\nDe m\u00eame, nous ne pouvons pas s\u00e9parer compl\u00e8tement les traumatismes personnels et individuels des exp\u00e9riences traumatisantes collectives.<\/p>\n<p class=\"translation-block\">En travaillant avec le traumatisme, nous sommes confront\u00e9s \u00e0 l'histoire de vie du client dans son interaction avec d'autres individus dans un contexte social, historique et culturel.\nLa r\u00e9solution d\u2019un traumatisme doit donc \u00eatre consid\u00e9r\u00e9e non seulement comme un processus individuel, mais \u00e9galement comme un ph\u00e9nom\u00e8ne d\u2019interconnectivit\u00e9 socioculturelle, impliquant plusieurs individus ou une communaut\u00e9. La d\u00e9finition du traumatisme collectif inclut en effet : \u00ab un effet traumatique partag\u00e9 par un groupe de personnes, un groupe social ou l'ensemble de la population \u00bb.<\/p>\n<p>Les \u00e9v\u00e9nements traumatisants v\u00e9cus par une soci\u00e9t\u00e9 enti\u00e8re provoquent des sentiments collectifs et des m\u00e9canismes de d\u00e9fense, tels que le d\u00e9ni ou la r\u00e9pression, qui modifient souvent les valeurs et attitudes culturelles \u00e0 l\u2019\u00e9chelle mondiale. De tels ph\u00e9nom\u00e8nes sont souvent m\u00e9connus et influencent inconsciemment nos choix de vie. Somatic Experiencing offre des outils puissants pour traiter le traumatisme aux diff\u00e9rents niveaux o\u00f9 il se produit.<br \/>\nLe premier niveau de traumatisme de groupe que nous rencontrons lorsque nous passons de l\u2019individuel au collectif est le traumatisme g\u00e9n\u00e9rationnel. Les empreintes du traumatisme g\u00e9n\u00e9rationnel sont transmises d\u2019une g\u00e9n\u00e9ration \u00e0 l\u2019autre comme un h\u00e9ritage invisible, tacite et non r\u00e9solu qui code et renforce les messages implicites dans le tissu de l\u2019identit\u00e9 familiale.<br \/>\nLe praticien de l'exp\u00e9rience somatique, donc, en plus d'accompagner le client dans la r\u00e9solution de son traumatisme individuel, doit \u00e9galement \u00eatre pr\u00e9sent aux ph\u00e9nom\u00e8nes traumatiques collectifs qui maintiennent souvent la personne emprisonn\u00e9e dans des sch\u00e9mas traumatiques r\u00e9p\u00e9titifs et inconscients.<\/p>\n<p>Dans ce cours, vous \u00eates invit\u00e9s \u00e0 co-cr\u00e9er un champ de conscience pour explorer les diff\u00e9rentes facettes du traumatisme collectif.<br \/>\nNous exp\u00e9rimenterons l'importance d'un contenant conscient et le potentiel transformateur de la pr\u00e9sence dans le contexte des s\u00e9ances.<\/p>\n<p>Le traumatisme collectif appartient au tout et peut et doit \u00eatre trait\u00e9 dans un champ de coh\u00e9rence collective, o\u00f9 nos syst\u00e8mes nerveux communiquent harmonieusement par r\u00e9sonance somatique.<\/p>\n<p>Quelques sujets qui seront explor\u00e9s:<\/p>\n<ul>\n<li>D\u00e9finition du traumatisme collectif<\/li>\n<li>Traumatisme transg\u00e9n\u00e9rationnel et traumatisme historique<\/li>\n<li>D\u00e9couvrir le don d\u2019un h\u00e9ritage traumatique<\/li>\n<li>\u00catre t\u00e9moin de la m\u00e9moire implicite du traumatisme<\/li>\n<li>La pr\u00e9sence comme outil de r\u00e9solution<\/li>\n<li>Importance de la coh\u00e9rence du groupe<\/li>\n<\/ul>\n<h2>D\u00e9tails pratiques<\/h2>\n<p>Professeur: <a href=\"https:\/\/traumahealing.be\/fr\/kavi-gemin\/\">Kavi Gemin<\/a><br \/>\nLangue: Anglais<br \/>\nLieu : Salle de r\u00e9union Kop van Kessel-Lo, Leuvensestraat 18, 3010 Louvain<br \/>\nDates : vendredi 5 avril \u2013 dimanche 7 avril 2024<br \/>\nHoraires : tous les jours de 10h \u00e0 17h30<br \/>\nPrix: 430 \u20ac<\/p>\n<h2>Inscription<\/h2>\n\n<div class=\"wpcf7 no-js\" id=\"wpcf7-f1339-o1\" lang=\"nl-NL\" dir=\"ltr\" data-wpcf7-id=\"1339\">\n<div class=\"screen-reader-response\"><p role=\"status\" aria-live=\"polite\" aria-atomic=\"true\"><\/p> <ul><\/ul><\/div>\n<form action=\"\/fr\/wp-json\/wp\/v2\/tribe_events\/1203#wpcf7-f1339-o1\" method=\"post\" class=\"wpcf7-form init\" aria-label=\"Formulaire de contact\" novalidate=\"novalidate\" data-status=\"init\" data-trp-original-action=\"\/fr\/wp-json\/wp\/v2\/tribe_events\/1203#wpcf7-f1339-o1\">\n<fieldset class=\"hidden-fields-container\"><input type=\"hidden\" name=\"_wpcf7\" value=\"1339\" \/><input type=\"hidden\" name=\"_wpcf7_version\" value=\"6.1.3\" \/><input type=\"hidden\" name=\"_wpcf7_locale\" value=\"nl_NL\" \/><input type=\"hidden\" name=\"_wpcf7_unit_tag\" value=\"wpcf7-f1339-o1\" \/><input type=\"hidden\" name=\"_wpcf7_container_post\" value=\"0\" \/><input type=\"hidden\" name=\"_wpcf7_posted_data_hash\" value=\"\" \/><input type=\"hidden\" name=\"_wpcf7cf_hidden_group_fields\" value=\"[]\" \/><input type=\"hidden\" name=\"_wpcf7cf_hidden_groups\" value=\"[]\" \/><input type=\"hidden\" name=\"_wpcf7cf_visible_groups\" value=\"[]\" \/><input type=\"hidden\" name=\"_wpcf7cf_repeaters\" value=\"[]\" \/><input type=\"hidden\" name=\"_wpcf7cf_steps\" value=\"{}\" \/><input type=\"hidden\" name=\"_wpcf7cf_options\" value=\"{&quot;form_id&quot;:1339,&quot;conditions&quot;:[],&quot;settings&quot;:{&quot;animation&quot;:&quot;yes&quot;,&quot;animation_intime&quot;:200,&quot;animation_outtime&quot;:200,&quot;conditions_ui&quot;:&quot;normal&quot;,&quot;notice_dismissed&quot;:false,&quot;notice_dismissed_rollback-cf7-5.9.5&quot;:true}}\" \/>\n<\/fieldset>\n<p><label> Pr\u00e9nom<br \/>\n<span class=\"wpcf7-form-control-wrap\" data-name=\"your-firstname\"><input size=\"40\" maxlength=\"400\" class=\"wpcf7-form-control wpcf7-text wpcf7-validates-as-required\" aria-required=\"true\" aria-invalid=\"false\" value=\"\" type=\"text\" name=\"your-firstname\" \/><\/span> <\/label>\n<\/p>\n<p><label> nom de famille<br \/>\n<span class=\"wpcf7-form-control-wrap\" data-name=\"your-lastname\"><input size=\"40\" maxlength=\"400\" class=\"wpcf7-form-control wpcf7-text wpcf7-validates-as-required\" aria-required=\"true\" aria-invalid=\"false\" value=\"\" type=\"text\" name=\"your-lastname\" \/><\/span> <\/label>\n<\/p>\n<p><label> Email<br \/>\n<span class=\"wpcf7-form-control-wrap\" data-name=\"your-email\"><input size=\"40\" maxlength=\"400\" class=\"wpcf7-form-control wpcf7-email wpcf7-validates-as-required wpcf7-text wpcf7-validates-as-email\" aria-required=\"true\" aria-invalid=\"false\" value=\"\" type=\"email\" name=\"your-email\" \/><\/span> <\/label>\n<\/p>\n<p><label> T\u00e9l\u00e9phone<br \/>\n<span class=\"wpcf7-form-control-wrap\" data-name=\"your-phone\"><input size=\"40\" maxlength=\"400\" class=\"wpcf7-form-control wpcf7-text wpcf7-validates-as-required\" aria-required=\"true\" aria-invalid=\"false\" value=\"\" type=\"text\" name=\"your-phone\" \/><\/span> <\/label>\n<\/p>\n<p><label> Organisation (obligatoire si facture)<br \/>\n<span class=\"wpcf7-form-control-wrap\" data-name=\"your-organisation\"><input size=\"40\" maxlength=\"400\" class=\"wpcf7-form-control wpcf7-text\" aria-invalid=\"false\" value=\"\" type=\"text\" name=\"your-organisation\" \/><\/span> <\/label>\n<\/p>\n<p><label> Num\u00e9ro de TVA (obligatoire si facture)<br \/>\n<span class=\"wpcf7-form-control-wrap\" data-name=\"your-vat\"><input size=\"40\" maxlength=\"400\" class=\"wpcf7-form-control wpcf7-text\" aria-invalid=\"false\" value=\"\" type=\"text\" name=\"your-vat\" \/><\/span> <\/label>\n<\/p>\n<p><label> Rue + num\u00e9ro de maison (obligatoire pour la facture)<br \/>\n<span class=\"wpcf7-form-control-wrap\" data-name=\"your-address-street\"><input size=\"40\" maxlength=\"400\" class=\"wpcf7-form-control wpcf7-text\" aria-invalid=\"false\" value=\"\" type=\"text\" name=\"your-address-street\" \/><\/span> <\/label>\n<\/p>\n<p><label> Code postal (obligatoire pour la facture)<br \/>\n<span class=\"wpcf7-form-control-wrap\" data-name=\"your-address-postalcode\"><input size=\"40\" maxlength=\"400\" class=\"wpcf7-form-control wpcf7-text\" aria-invalid=\"false\" value=\"\" type=\"text\" name=\"your-address-postalcode\" \/><\/span> <\/label>\n<\/p>\n<p><label> Ville (n\u00e9cessaire pour la facture)<br \/>\n<span class=\"wpcf7-form-control-wrap\" data-name=\"your-address-place\"><input size=\"40\" maxlength=\"400\" class=\"wpcf7-form-control wpcf7-text\" aria-invalid=\"false\" value=\"\" type=\"text\" name=\"your-address-place\" \/><\/span> <\/label>\n<\/p>\n<p><label> Pays (n\u00e9cessaire pour la facture)<br \/>\n<span class=\"wpcf7-form-control-wrap\" data-name=\"your-country\"><input size=\"40\" maxlength=\"400\" class=\"wpcf7-form-control wpcf7-text\" aria-invalid=\"false\" value=\"\" type=\"text\" name=\"your-country\" \/><\/span> <\/label>\n<\/p>\n<p><label> Questions ou remarques<br \/>\n<span class=\"wpcf7-form-control-wrap\" data-name=\"your-comments\"><textarea cols=\"40\" rows=\"10\" maxlength=\"2000\" class=\"wpcf7-form-control wpcf7-textarea\" aria-invalid=\"false\" name=\"your-comments\"><\/textarea><\/span> <\/label>\n<\/p>\n<p><span class=\"wpcf7-form-control-wrap\" data-name=\"acceptance-908\"><span class=\"wpcf7-form-control wpcf7-acceptance\"><span class=\"wpcf7-list-item\"><label><input type=\"checkbox\" name=\"acceptance-908\" value=\"1\" aria-invalid=\"false\" \/><span class=\"wpcf7-list-item-label\">J'accepte les conditions g\u00e9n\u00e9rales et les conditions d'annulation de Trauma Healing Belgium vzw.<\/span><\/label><\/span><\/span><\/span>\n<\/p>\n<p><input class=\"wpcf7-form-control wpcf7-submit has-spinner\" type=\"submit\" value=\"S&#039;inscrire\" \/>\n<\/p><div class=\"wpcf7-response-output\" aria-hidden=\"true\"><\/div>\n<input type=\"hidden\" name=\"trp-form-language\" value=\"fr\"\/><\/form>\n<\/div>\n\n<\/div>\n<\/div>\n<\/div>","protected":false},"excerpt":{"rendered":"<p>De gesluierde erfenis: de impact van collectief trauma herkennen en verwerken. De fysiologie van ons zenuwstelsel ontwikkelt zich in de interactie met het zenuwstelsel van anderen. Het is niet echt [&hellip;]<\/p>\n","protected":false},"author":1,"featured_media":1352,"template":"","meta":{"_acf_changed":false,"_et_pb_use_builder":"","_et_pb_old_content":"","_et_gb_content_width":"","_tribe_events_status":"","_tribe_events_status_reason":"","footnotes":""},"tribe_events_cat":[19,18,12,15],"class_list":["post-1203","tribe_events","type-tribe_events","status-publish","has-post-thumbnail","hentry","tribe_events_cat-overige","tribe_events_cat-overige-special","tribe_events_cat-se","tribe_events_cat-se-special","cat_overige","cat_overige-special","cat_se","cat_se-special"],"acf":[],"yoast_head":"<!-- This site is optimized with the Yoast SEO plugin v26.3 - https:\/\/yoast.com\/wordpress\/plugins\/seo\/ -->\n<title>Healing Collective Trauma - Trauma Healing Belgium<\/title>\n<meta name=\"robots\" content=\"index, follow, max-snippet:-1, max-image-preview:large, max-video-preview:-1\" \/>\n<link rel=\"canonical\" href=\"https:\/\/traumahealing.be\/fr\/activiteit\/special-collective-trauma\/\" \/>\n<meta property=\"og:locale\" content=\"fr_FR\" \/>\n<meta property=\"og:type\" content=\"article\" \/>\n<meta property=\"og:title\" content=\"Healing Collective Trauma - Trauma Healing Belgium\" \/>\n<meta property=\"og:description\" content=\"De gesluierde erfenis: de impact van collectief trauma herkennen en verwerken. De fysiologie van ons zenuwstelsel ontwikkelt zich in de interactie met het zenuwstelsel van anderen. Het is niet echt [&hellip;]\" \/>\n<meta property=\"og:url\" content=\"https:\/\/traumahealing.be\/fr\/wp-json\/wp\/v2\/tribe_events\/1203\" \/>\n<meta property=\"og:site_name\" content=\"Trauma Healing Belgium\" \/>\n<meta property=\"article:modified_time\" content=\"2023-09-30T06:45:49+00:00\" \/>\n<meta property=\"og:image\" content=\"https:\/\/traumahealing.be\/wp-content\/uploads\/2023\/07\/softdragon_01846_a_group_of_people_standing_in_a_circle_holding_134c4666-ed8b-4c1d-aa88-641e0345592a.png\" \/>\n\t<meta property=\"og:image:width\" content=\"1200\" \/>\n\t<meta property=\"og:image:height\" content=\"673\" \/>\n\t<meta property=\"og:image:type\" content=\"image\/png\" \/>\n<meta name=\"twitter:card\" content=\"summary_large_image\" \/>\n<meta name=\"twitter:label1\" content=\"Dur\u00e9e de lecture estim\u00e9e\" \/>\n\t<meta name=\"twitter:data1\" content=\"3 minutes\" \/>\n<script type=\"application\/ld+json\" class=\"yoast-schema-graph\">{\"@context\":\"https:\/\/schema.org\",\"@graph\":[{\"@type\":\"WebPage\",\"@id\":\"https:\/\/traumahealing.be\/activiteit\/special-collective-trauma\/\",\"url\":\"https:\/\/traumahealing.be\/activiteit\/special-collective-trauma\/\",\"name\":\"Healing Collective Trauma - Trauma Healing Belgium\",\"isPartOf\":{\"@id\":\"https:\/\/traumahealing.be\/#website\"},\"primaryImageOfPage\":{\"@id\":\"https:\/\/traumahealing.be\/activiteit\/special-collective-trauma\/#primaryimage\"},\"image\":{\"@id\":\"https:\/\/traumahealing.be\/activiteit\/special-collective-trauma\/#primaryimage\"},\"thumbnailUrl\":\"https:\/\/traumahealing.be\/wp-content\/uploads\/2023\/07\/softdragon_01846_a_group_of_people_standing_in_a_circle_holding_134c4666-ed8b-4c1d-aa88-641e0345592a.png\",\"datePublished\":\"2023-07-18T08:35:09+00:00\",\"dateModified\":\"2023-09-30T06:45:49+00:00\",\"breadcrumb\":{\"@id\":\"https:\/\/traumahealing.be\/activiteit\/special-collective-trauma\/#breadcrumb\"},\"inLanguage\":\"fr-FR\",\"potentialAction\":[{\"@type\":\"ReadAction\",\"target\":[\"https:\/\/traumahealing.be\/activiteit\/special-collective-trauma\/\"]}]},{\"@type\":\"ImageObject\",\"inLanguage\":\"fr-FR\",\"@id\":\"https:\/\/traumahealing.be\/activiteit\/special-collective-trauma\/#primaryimage\",\"url\":\"https:\/\/traumahealing.be\/wp-content\/uploads\/2023\/07\/softdragon_01846_a_group_of_people_standing_in_a_circle_holding_134c4666-ed8b-4c1d-aa88-641e0345592a.png\",\"contentUrl\":\"https:\/\/traumahealing.be\/wp-content\/uploads\/2023\/07\/softdragon_01846_a_group_of_people_standing_in_a_circle_holding_134c4666-ed8b-4c1d-aa88-641e0345592a.png\",\"width\":1200,\"height\":673},{\"@type\":\"BreadcrumbList\",\"@id\":\"https:\/\/traumahealing.be\/activiteit\/special-collective-trauma\/#breadcrumb\",\"itemListElement\":[{\"@type\":\"ListItem\",\"position\":1,\"name\":\"Home\",\"item\":\"https:\/\/traumahealing.be\/\"},{\"@type\":\"ListItem\",\"position\":2,\"name\":\"Evenementen\",\"item\":\"https:\/\/traumahealing.be\/activiteiten\/\"},{\"@type\":\"ListItem\",\"position\":3,\"name\":\"Healing Collective Trauma\"}]},{\"@type\":\"WebSite\",\"@id\":\"https:\/\/traumahealing.be\/#website\",\"url\":\"https:\/\/traumahealing.be\/\",\"name\":\"Trauma Healing Belgium\",\"description\":\"Somatic Experiencing\",\"publisher\":{\"@id\":\"https:\/\/traumahealing.be\/#organization\"},\"potentialAction\":[{\"@type\":\"SearchAction\",\"target\":{\"@type\":\"EntryPoint\",\"urlTemplate\":\"https:\/\/traumahealing.be\/?s={search_term_string}\"},\"query-input\":{\"@type\":\"PropertyValueSpecification\",\"valueRequired\":true,\"valueName\":\"search_term_string\"}}],\"inLanguage\":\"fr-FR\"},{\"@type\":\"Organization\",\"@id\":\"https:\/\/traumahealing.be\/#organization\",\"name\":\"Trauma Healing Belgium\",\"url\":\"https:\/\/traumahealing.be\/\",\"logo\":{\"@type\":\"ImageObject\",\"inLanguage\":\"fr-FR\",\"@id\":\"https:\/\/traumahealing.be\/#\/schema\/logo\/image\/\",\"url\":\"https:\/\/traumahealing.be\/wp-content\/uploads\/2023\/05\/trauma-healing-belgium-logo-v1-600px.webp\",\"contentUrl\":\"https:\/\/traumahealing.be\/wp-content\/uploads\/2023\/05\/trauma-healing-belgium-logo-v1-600px.webp\",\"width\":600,\"height\":238,\"caption\":\"Trauma Healing Belgium\"},\"image\":{\"@id\":\"https:\/\/traumahealing.be\/#\/schema\/logo\/image\/\"}}]}<\/script>\n<!-- \/ Yoast SEO plugin. -->","yoast_head_json":{"title":"Healing Collective Trauma - Trauma Healing Belgium","robots":{"index":"index","follow":"follow","max-snippet":"max-snippet:-1","max-image-preview":"max-image-preview:large","max-video-preview":"max-video-preview:-1"},"canonical":"https:\/\/traumahealing.be\/fr\/activiteit\/special-collective-trauma\/","og_locale":"fr_FR","og_type":"article","og_title":"Healing Collective Trauma - Trauma Healing Belgium","og_description":"De gesluierde erfenis: de impact van collectief trauma herkennen en verwerken. De fysiologie van ons zenuwstelsel ontwikkelt zich in de interactie met het zenuwstelsel van anderen. Het is niet echt [&hellip;]","og_url":"https:\/\/traumahealing.be\/fr\/wp-json\/wp\/v2\/tribe_events\/1203","og_site_name":"Trauma Healing Belgium","article_modified_time":"2023-09-30T06:45:49+00:00","og_image":[{"width":1200,"height":673,"url":"https:\/\/traumahealing.be\/wp-content\/uploads\/2023\/07\/softdragon_01846_a_group_of_people_standing_in_a_circle_holding_134c4666-ed8b-4c1d-aa88-641e0345592a.png","type":"image\/png"}],"twitter_card":"summary_large_image","twitter_misc":{"Dur\u00e9e de lecture estim\u00e9e":"3 minutes"},"schema":{"@context":"https:\/\/schema.org","@graph":[{"@type":"WebPage","@id":"https:\/\/traumahealing.be\/activiteit\/special-collective-trauma\/","url":"https:\/\/traumahealing.be\/activiteit\/special-collective-trauma\/","name":"Healing Collective Trauma - Trauma Healing Belgium","isPartOf":{"@id":"https:\/\/traumahealing.be\/#website"},"primaryImageOfPage":{"@id":"https:\/\/traumahealing.be\/activiteit\/special-collective-trauma\/#primaryimage"},"image":{"@id":"https:\/\/traumahealing.be\/activiteit\/special-collective-trauma\/#primaryimage"},"thumbnailUrl":"https:\/\/traumahealing.be\/wp-content\/uploads\/2023\/07\/softdragon_01846_a_group_of_people_standing_in_a_circle_holding_134c4666-ed8b-4c1d-aa88-641e0345592a.png","datePublished":"2023-07-18T08:35:09+00:00","dateModified":"2023-09-30T06:45:49+00:00","breadcrumb":{"@id":"https:\/\/traumahealing.be\/activiteit\/special-collective-trauma\/#breadcrumb"},"inLanguage":"fr-FR","potentialAction":[{"@type":"ReadAction","target":["https:\/\/traumahealing.be\/activiteit\/special-collective-trauma\/"]}]},{"@type":"ImageObject","inLanguage":"fr-FR","@id":"https:\/\/traumahealing.be\/activiteit\/special-collective-trauma\/#primaryimage","url":"https:\/\/traumahealing.be\/wp-content\/uploads\/2023\/07\/softdragon_01846_a_group_of_people_standing_in_a_circle_holding_134c4666-ed8b-4c1d-aa88-641e0345592a.png","contentUrl":"https:\/\/traumahealing.be\/wp-content\/uploads\/2023\/07\/softdragon_01846_a_group_of_people_standing_in_a_circle_holding_134c4666-ed8b-4c1d-aa88-641e0345592a.png","width":1200,"height":673},{"@type":"BreadcrumbList","@id":"https:\/\/traumahealing.be\/activiteit\/special-collective-trauma\/#breadcrumb","itemListElement":[{"@type":"ListItem","position":1,"name":"Home","item":"https:\/\/traumahealing.be\/"},{"@type":"ListItem","position":2,"name":"Evenementen","item":"https:\/\/traumahealing.be\/activiteiten\/"},{"@type":"ListItem","position":3,"name":"Healing Collective Trauma"}]},{"@type":"WebSite","@id":"https:\/\/traumahealing.be\/#website","url":"https:\/\/traumahealing.be\/","name":"Trauma Healing Belgium","description":"Somatic Experiencing","publisher":{"@id":"https:\/\/traumahealing.be\/#organization"},"potentialAction":[{"@type":"SearchAction","target":{"@type":"EntryPoint","urlTemplate":"https:\/\/traumahealing.be\/?s={search_term_string}"},"query-input":{"@type":"PropertyValueSpecification","valueRequired":true,"valueName":"search_term_string"}}],"inLanguage":"fr-FR"},{"@type":"Organization","@id":"https:\/\/traumahealing.be\/#organization","name":"Trauma Healing Belgium","url":"https:\/\/traumahealing.be\/","logo":{"@type":"ImageObject","inLanguage":"fr-FR","@id":"https:\/\/traumahealing.be\/#\/schema\/logo\/image\/","url":"https:\/\/traumahealing.be\/wp-content\/uploads\/2023\/05\/trauma-healing-belgium-logo-v1-600px.webp","contentUrl":"https:\/\/traumahealing.be\/wp-content\/uploads\/2023\/05\/trauma-healing-belgium-logo-v1-600px.webp","width":600,"height":238,"caption":"Trauma Healing Belgium"},"image":{"@id":"https:\/\/traumahealing.be\/#\/schema\/logo\/image\/"}}]}},"_links":{"self":[{"href":"https:\/\/traumahealing.be\/fr\/wp-json\/wp\/v2\/tribe_events\/1203","targetHints":{"allow":["GET"]}}],"collection":[{"href":"https:\/\/traumahealing.be\/fr\/wp-json\/wp\/v2\/tribe_events"}],"about":[{"href":"https:\/\/traumahealing.be\/fr\/wp-json\/wp\/v2\/types\/tribe_events"}],"author":[{"embeddable":true,"href":"https:\/\/traumahealing.be\/fr\/wp-json\/wp\/v2\/users\/1"}],"version-history":[{"count":9,"href":"https:\/\/traumahealing.be\/fr\/wp-json\/wp\/v2\/tribe_events\/1203\/revisions"}],"predecessor-version":[{"id":1408,"href":"https:\/\/traumahealing.be\/fr\/wp-json\/wp\/v2\/tribe_events\/1203\/revisions\/1408"}],"wp:featuredmedia":[{"embeddable":true,"href":"https:\/\/traumahealing.be\/fr\/wp-json\/wp\/v2\/media\/1352"}],"wp:attachment":[{"href":"https:\/\/traumahealing.be\/fr\/wp-json\/wp\/v2\/media?parent=1203"}],"wp:term":[{"taxonomy":"tribe_events_cat","embeddable":true,"href":"https:\/\/traumahealing.be\/fr\/wp-json\/wp\/v2\/tribe_events_cat?post=1203"}],"curies":[{"name":"wp","href":"https:\/\/api.w.org\/{rel}","templated":true}]}}